{"version":"1.0","provider_name":"Wypo\u017cyczalnia sprz\u0119tu czyszcz\u0105cego, ozonowanie, dezynfekcja.","provider_url":"https:\/\/odkurzacz.selit.pl","author_name":"artlemonka","author_url":"https:\/\/odkurzacz.selit.pl\/index.php\/author\/artlemonka\/","title":"Myjka do okien - Wypo\u017cyczalnia sprz\u0119tu czyszcz\u0105cego, ozonowanie, dezynfekcja.","type":"rich","width":600,"height":338,"html":"<blockquote class=\"wp-embedded-content\" data-secret=\"a3OndT9LER\"><a href=\"https:\/\/odkurzacz.selit.pl\/index.php\/myjka-do-okien-karcher\/\">Myjka do okien<\/a><\/blockquote><iframe sandbox=\"allow-scripts\" security=\"restricted\" src=\"https:\/\/odkurzacz.selit.pl\/index.php\/myjka-do-okien-karcher\/embed\/#?secret=a3OndT9LER\" width=\"600\" height=\"338\" title=\"&#8222;Myjka do okien&#8221; &#8212; Wypo\u017cyczalnia sprz\u0119tu czyszcz\u0105cego, ozonowanie, dezynfekcja.\" data-secret=\"a3OndT9LER\" frameborder=\"0\" marginwidth=\"0\" marginheight=\"0\" scrolling=\"no\" class=\"wp-embedded-content\"><\/iframe><script type=\"text\/javascript\">\n\/* <![CDATA[ *\/\n\/*! This file is auto-generated *\/\n!function(d,l){\"use strict\";l.querySelector&&d.addEventListener&&\"undefined\"!=typeof URL&&(d.wp=d.wp||{},d.wp.receiveEmbedMessage||(d.wp.receiveEmbedMessage=function(e){var t=e.data;if((t||t.secret||t.message||t.value)&&!\/[^a-zA-Z0-9]\/.test(t.secret)){for(var s,r,n,a=l.querySelectorAll('iframe[data-secret=\"'+t.secret+'\"]'),o=l.querySelectorAll('blockquote[data-secret=\"'+t.secret+'\"]'),c=new RegExp(\"^https?:$\",\"i\"),i=0;i<o.length;i++)o[i].style.display=\"none\";for(i=0;i<a.length;i++)s=a[i],e.source===s.contentWindow&&(s.removeAttribute(\"style\"),\"height\"===t.message?(1e3<(r=parseInt(t.value,10))?r=1e3:~~r<200&&(r=200),s.height=r):\"link\"===t.message&&(r=new URL(s.getAttribute(\"src\")),n=new URL(t.value),c.test(n.protocol))&&n.host===r.host&&l.activeElement===s&&(d.top.location.href=t.value))}},d.addEventListener(\"message\",d.wp.receiveEmbedMessage,!1),l.addEventListener(\"DOMContentLoaded\",function(){for(var e,t,s=l.querySelectorAll(\"iframe.wp-embedded-content\"),r=0;r<s.length;r++)(t=(e=s[r]).getAttribute(\"data-secret\"))||(t=Math.random().toString(36).substring(2,12),e.src+=\"#?secret=\"+t,e.setAttribute(\"data-secret\",t)),e.contentWindow.postMessage({message:\"ready\",secret:t},\"*\")},!1)))}(window,document);\n\/* ]]> *\/\n<\/script>\n","description":"Oferujemy wypo\u017cyczenie profesjonalnej myjki do okien Karcher 10 WVP AV Myjka idealnie nadaje si\u0119 do mycia okien, czyszczenia p\u0142ytek, gablot lub innych p\u0142askich i g\u0142adkich powierzchni oraz ma wiele innych zastosowa\u0144. Dzi\u0119ki innowacyjnemu systemowi separacji myjka do okien WVP mo\u017ce pracowa\u0107 w pionie, w poziomie i pozycji odwr\u00f3conej. Pojemnik na brudn\u0105 wod\u0119 o pojemno\u015bci 200...","thumbnail_url":"http:\/\/odkurzacz.selit.pl\/wp-content\/uploads\/2019\/05\/zdjecie-nr-1.jpg"}