{"id":19,"date":"2018-12-01T18:19:17","date_gmt":"2018-12-01T17:19:17","guid":{"rendered":"http:\/\/odkurzacz.selit.pl\/?page_id=19"},"modified":"2025-08-20T06:55:38","modified_gmt":"2025-08-20T04:55:38","slug":"home","status":"publish","type":"page","link":"https:\/\/odkurzacz.selit.pl\/","title":{"rendered":"Home"},"content":{"rendered":"[vc_row full_width=&#8221;stretch_row_content_no_spaces&#8221;][vc_column]\r\n        <!-- Slider -->\r\n        <div id=\"mainSliderWrapper\">\r\n            <div id=\"mainSlider\" class=\"slider-wrapper theme-default \">\r\n\r\n\r\n\r\n                    \r\n\r\n                <div class=\"slide \" id=\"unq028958900163414500133633\">\r\n                    <div class=\"img--holder\"    style=\"background-image: url(https:\/\/odkurzacz.selit.pl\/wp-content\/uploads\/2018\/12\/pic3.jpg);\" ><\/div>\r\n                    <div class=\"slide-content center\">\r\n                        <div class=\"vert-wrap container\">\r\n                            <div class=\"vert\">\r\n                                <div class=\"container\">\r\n                                     <h4 data-animation=\"zoomIn\" data-animation-delay=\"0.5s\">Wypo\u017cyczalnia sprz\u0119tu czyszcz\u0105cego i budowlanego<\/h4><h3 data-animation=\"scaleOut\" data-animation-delay=\"0.2\">Szczecin, tel. 691 991 473, biuro@selit.pl<\/h3>                                <\/div>\r\n                            <\/div>\r\n                        <\/div>\r\n                    <\/div>\r\n                <\/div>\r\n\r\n        \r\n\r\n                <\/div>\r\n            <\/div>\r\n\r\n          [\/vc_column][\/vc_row][vc_row][vc_column][vc_column_text]<img loading=\"lazy\" decoding=\"async\" width=\"2646\" height=\"1103\" class=\"alignnone wp-image-38 size-full img-fluid\" src=\"http:\/\/odkurzacz.selit.pl\/wp-content\/uploads\/2018\/12\/slide1.jpg\" alt=\"\" srcset=\"https:\/\/odkurzacz.selit.pl\/wp-content\/uploads\/2018\/12\/slide1.jpg 2646w, https:\/\/odkurzacz.selit.pl\/wp-content\/uploads\/2018\/12\/slide1-300x125.jpg 300w, https:\/\/odkurzacz.selit.pl\/wp-content\/uploads\/2018\/12\/slide1-768x320.jpg 768w, https:\/\/odkurzacz.selit.pl\/wp-content\/uploads\/2018\/12\/slide1-1024x427.jpg 1024w\" sizes=\"auto, (max-width: 2646px) 100vw, 2646px\" \/><\/p>\n<p>&nbsp;<\/p>\n<p><strong>Oferujemy wypo\u017cyczenie \u0142atwego w obs\u0142udze odkurzacza pior\u0105cego Karcher Puzzi 10\/1.<\/strong><\/p>\n<p>Odkurzacz idealnie nadaje si\u0119 do prania dywan\u00f3w, wyk\u0142adzin, tapicerek samochodowych i meblowych oraz ma wiele innych zastosowa\u0144. Dzi\u0119ki wydajnej turbinie ekstraktor pozostawia powierzchnie jedynie wilgotn\u0105.<br \/>\nIdealnie nadaj\u0119 si\u0119 dla alergik\u00f3w. Pranie pozostawia delikatny zapach, nie uczula, usuwa zabrudzenia oraz zabija roztocza.<\/p>\n<p><strong>Cena<\/strong>: 60 PLN za dob\u0119 lub 100 PLN za weekend.<br \/>\nW cenie wypo\u017cyczenia odkurzacza otrzymujesz:<br \/>\n&#8211; dysz\u0119 r\u0119czn\u0105 do mebli i tapicerek<br \/>\n&#8211; dysz\u0119 do prania dywan\u00f3w<br \/>\n&#8211; porcj\u0119 proszku (100g) Karcher CarpetPro RM 760, kt\u00f3ry wystarcza do uprania od 8 do 15m2 pranej powierzchni (powierzchnia uprania uzale\u017cniona jest od stopnia zabrudzenia).<\/p>\n<p><strong>Brak kaucji<\/strong> &#8211; do wynaj\u0119cia odkurzacza potrzebny jest jedynie dow\u00f3d osobisty. W przypadku nowych dowod\u00f3w, w kt\u00f3rych nie ma adresu zamieszkania &#8211; drugi dokument ze zdj\u0119ciem.<\/p>\n<p><em>Mo\u017cliwe dostarczenie urz\u0105dzenia pod wskazany adres w cenie 3 PLN za 1 km.<\/em><\/p>\n<p>Udzielamy kr\u00f3tkiego instruktarzu u\u017cytkowania urz\u0105dzenia, do\u0142\u0105czamy r\u00f3wnie\u017c wersj\u0119 papierow\u0105 instrukcji obs\u0142ugi.<\/p>\n<p>Wypo\u017cycz odkurzacz pior\u0105cy ju\u017c dzi\u015b. Wypierz sam sw\u00f3j dywan, wyk\u0142adzin\u0119, kanap\u0119, fotel czy tapicerk\u0119 w samochodzie.<\/p>\n<p><strong>ZAPRASZAMY DO REZERWACJI<\/strong><\/p>\n<p><strong>Tel: 691-991-473<\/strong><\/p>\n<p>&nbsp;<\/p>\n<p><img loading=\"lazy\" decoding=\"async\" class=\"alignnone size-medium wp-image-114\" src=\"http:\/\/odkurzacz.selit.pl\/wp-content\/uploads\/2020\/04\/4688837_1_i1064-140x300.jpg\" alt=\"\" width=\"140\" height=\"300\" srcset=\"https:\/\/odkurzacz.selit.pl\/wp-content\/uploads\/2020\/04\/4688837_1_i1064-140x300.jpg 140w, https:\/\/odkurzacz.selit.pl\/wp-content\/uploads\/2020\/04\/4688837_1_i1064-477x1024.jpg 477w, https:\/\/odkurzacz.selit.pl\/wp-content\/uploads\/2020\/04\/4688837_1_i1064.jpg 517w\" sizes=\"auto, (max-width: 140px) 100vw, 140px\" \/><img loading=\"lazy\" decoding=\"async\" class=\"alignnone size-medium wp-image-115\" src=\"http:\/\/odkurzacz.selit.pl\/wp-content\/uploads\/2020\/04\/przystawka-do-czyszczenia-fr-classic-300x300.jpg\" alt=\"\" width=\"300\" height=\"300\" srcset=\"https:\/\/odkurzacz.selit.pl\/wp-content\/uploads\/2020\/04\/przystawka-do-czyszczenia-fr-classic-300x300.jpg 300w, https:\/\/odkurzacz.selit.pl\/wp-content\/uploads\/2020\/04\/przystawka-do-czyszczenia-fr-classic-150x150.jpg 150w, https:\/\/odkurzacz.selit.pl\/wp-content\/uploads\/2020\/04\/przystawka-do-czyszczenia-fr-classic-768x768.jpg 768w, https:\/\/odkurzacz.selit.pl\/wp-content\/uploads\/2020\/04\/przystawka-do-czyszczenia-fr-classic.jpg 800w\" sizes=\"auto, (max-width: 300px) 100vw, 300px\" \/><img loading=\"lazy\" decoding=\"async\" class=\"alignnone size-medium wp-image-116\" src=\"http:\/\/odkurzacz.selit.pl\/wp-content\/uploads\/2020\/04\/mycie-krzesla-300x200.jpg\" alt=\"\" width=\"300\" height=\"200\" srcset=\"https:\/\/odkurzacz.selit.pl\/wp-content\/uploads\/2020\/04\/mycie-krzesla-300x200.jpg 300w, https:\/\/odkurzacz.selit.pl\/wp-content\/uploads\/2020\/04\/mycie-krzesla.jpg 755w\" sizes=\"auto, (max-width: 300px) 100vw, 300px\" \/><\/p>\n<p><strong>Oferujemy wypo\u017cyczenie \u0142atwej w obs\u0142udze myjki ci\u015bnieniowej HD 5\/15 Plus + FR Classic.<\/strong><\/p>\n<p>Myjka idealnie nadaje si\u0119 do wykorzystania zr\u00f3wno do u\u017cytku prywatnego, jak r\u00f3wnie\u017c w firmach (bran\u017ca budowlana, transportowa i rolnictwo). Zastosowanie: mycie betonu, kamienia, drewna, glazury, kostki brukowej, taras\u00f3w, bram gara\u017cowych, \u015bcian, schod\u00f3w, maszyn budowlanych, aut itp.<\/p>\n<p><strong>Cena<\/strong>: 75 PLN za dob\u0119 lub 140 PLN za weekend.<br \/>\nW cenie wypo\u017cyczenia myjki otrzymujesz r\u00f3wnie\u017c:<br \/>\n&#8211; FR Classic &#8211; przystawka rotacyjna do szybkiego, efektywnego i wygodnego czyszczenia powierzchni p\u0142askich bez rozprysk\u00f3w wody<\/p>\n<p>Dodatkowo mo\u017cliwo\u015b\u0107 wypo\u017cyczenie lancy pianowej (10 pln) i dyszy rotacyjnej (10 pln). W ofercie r\u00f3wnie\u017c chemia Karcher RM 838.<\/p>\n<p>&nbsp;<\/p>\n<p><img loading=\"lazy\" decoding=\"async\" class=\"alignnone size-medium wp-image-117\" src=\"http:\/\/odkurzacz.selit.pl\/wp-content\/uploads\/2020\/04\/shopping-300x200.png\" alt=\"\" width=\"300\" height=\"200\" srcset=\"https:\/\/odkurzacz.selit.pl\/wp-content\/uploads\/2020\/04\/shopping-300x200.png 300w, https:\/\/odkurzacz.selit.pl\/wp-content\/uploads\/2020\/04\/shopping-1024x682.png 1024w, https:\/\/odkurzacz.selit.pl\/wp-content\/uploads\/2020\/04\/shopping-768x511.png 768w, https:\/\/odkurzacz.selit.pl\/wp-content\/uploads\/2020\/04\/shopping.png 1389w\" sizes=\"auto, (max-width: 300px) 100vw, 300px\" \/><img loading=\"lazy\" decoding=\"async\" class=\"alignnone size-medium wp-image-118\" src=\"http:\/\/odkurzacz.selit.pl\/wp-content\/uploads\/2020\/04\/shopping-1-300x300.png\" alt=\"\" width=\"300\" height=\"300\" srcset=\"https:\/\/odkurzacz.selit.pl\/wp-content\/uploads\/2020\/04\/shopping-1-300x300.png 300w, https:\/\/odkurzacz.selit.pl\/wp-content\/uploads\/2020\/04\/shopping-1-150x150.png 150w, https:\/\/odkurzacz.selit.pl\/wp-content\/uploads\/2020\/04\/shopping-1-768x768.png 768w, https:\/\/odkurzacz.selit.pl\/wp-content\/uploads\/2020\/04\/shopping-1.png 900w\" sizes=\"auto, (max-width: 300px) 100vw, 300px\" \/><img loading=\"lazy\" decoding=\"async\" class=\"alignnone size-medium wp-image-119\" src=\"http:\/\/odkurzacz.selit.pl\/wp-content\/uploads\/2020\/04\/shopping-3-200x300.jpg\" alt=\"\" width=\"200\" height=\"300\" srcset=\"https:\/\/odkurzacz.selit.pl\/wp-content\/uploads\/2020\/04\/shopping-3-200x300.jpg 200w, https:\/\/odkurzacz.selit.pl\/wp-content\/uploads\/2020\/04\/shopping-3-683x1024.jpg 683w, https:\/\/odkurzacz.selit.pl\/wp-content\/uploads\/2020\/04\/shopping-3-768x1152.jpg 768w, https:\/\/odkurzacz.selit.pl\/wp-content\/uploads\/2020\/04\/shopping-3-1024x1536.jpg 1024w, https:\/\/odkurzacz.selit.pl\/wp-content\/uploads\/2020\/04\/shopping-3-1366x2048.jpg 1366w, https:\/\/odkurzacz.selit.pl\/wp-content\/uploads\/2020\/04\/shopping-3.jpg 1707w\" sizes=\"auto, (max-width: 200px) 100vw, 200px\" \/><img loading=\"lazy\" decoding=\"async\" class=\"alignnone size-medium wp-image-120\" src=\"http:\/\/odkurzacz.selit.pl\/wp-content\/uploads\/2020\/04\/shopping-4-255x300.png\" alt=\"\" width=\"255\" height=\"300\" srcset=\"https:\/\/odkurzacz.selit.pl\/wp-content\/uploads\/2020\/04\/shopping-4-255x300.png 255w, https:\/\/odkurzacz.selit.pl\/wp-content\/uploads\/2020\/04\/shopping-4-869x1024.png 869w, https:\/\/odkurzacz.selit.pl\/wp-content\/uploads\/2020\/04\/shopping-4-768x905.png 768w, https:\/\/odkurzacz.selit.pl\/wp-content\/uploads\/2020\/04\/shopping-4-1304x1536.png 1304w, https:\/\/odkurzacz.selit.pl\/wp-content\/uploads\/2020\/04\/shopping-4.png 1600w\" sizes=\"auto, (max-width: 255px) 100vw, 255px\" \/><\/p>\n<p><strong>Oferujemy wypo\u017cyczenie \u0142atwej w obs\u0142udze parownicy SG 4\/4.<\/strong><\/p>\n<p>Parownica idealnie nadaje si\u0119 do czyszczenia r\u00f3\u017cnego rodzaju powierzchniach, takich jak:<br \/>\n&#8211; okna i lustra,<br \/>\n&#8211; p\u0142ytki pod\u0142ogowe jak i \u015bcienne<br \/>\n&#8211; kabiny prysznicowe, sauny, baseny<br \/>\n&#8211; toalety<br \/>\n&#8211; fugi<br \/>\n&#8211; krany, umywalki i okapy<br \/>\n&#8211; kuchenki gazowe i elektryczne, a tak\u017ce p\u0142yty kuchenkowe<br \/>\n&#8211; powierzchnie szklane, jak drzwi, blaty, kabiny prysznicowe<br \/>\n&#8211; pozwala na usuwanie tapet podczas remontu<\/p>\n<p>Zabija drobnoustroje i dezynfekuje &#8211; mycie przy zastosowaniu pary skutecznie eliminuje ponad 99% mikroorganizm\u00f3w. Dzieje si\u0119 tak z uwagi na wysok\u0105 temperatur\u0119 (do 145 st. C) u wylotu dyszy.<\/p>\n<p><strong>Cena<\/strong>: 70 PLN za dob\u0119 lub 130 PLN za weekend.<br \/>\nW cenie wypo\u017cyczenia parownicy otrzymujesz r\u00f3wnie\u017c:<br \/>\n&#8211; komplet ko\u0144c\u00f3wek, szczotek, dysz i \u015bciereczek do wszystkich rodzaj\u00f3w powierzchni<\/p>\n<p>&nbsp;<\/p>\n<p><img loading=\"lazy\" decoding=\"async\" class=\"size-full wp-image-81 aligncenter\" src=\"http:\/\/odkurzacz.selit.pl\/wp-content\/uploads\/2019\/05\/myjka.jpg\" alt=\"\" width=\"964\" height=\"502\" srcset=\"https:\/\/odkurzacz.selit.pl\/wp-content\/uploads\/2019\/05\/myjka.jpg 964w, https:\/\/odkurzacz.selit.pl\/wp-content\/uploads\/2019\/05\/myjka-300x156.jpg 300w, https:\/\/odkurzacz.selit.pl\/wp-content\/uploads\/2019\/05\/myjka-768x400.jpg 768w\" sizes=\"auto, (max-width: 964px) 100vw, 964px\" \/><\/p>\n<p><strong>Oferujemy wypo\u017cyczenie profesjonalnej myjki do okien Karcher 10 WVP AV<\/strong><\/p>\n<p>Myjka idealnie nadaje si\u0119 do mycia okien, czyszczenia p\u0142ytek, gablot lub innych p\u0142askich i g\u0142adkich powierzchni oraz ma wiele innych zastosowa\u0144.<br \/>\nDzi\u0119ki innowacyjnemu systemowi separacji myjka do okien WVP mo\u017ce pracowa\u0107 w pionie, w poziomie i pozycji odwr\u00f3conej.<br \/>\nPojemnik na brudn\u0105 wod\u0119 o pojemno\u015bci 200 ml jest bardzo \u0142atwy do opr\u00f3\u017cniania. Sprawia, \u017ce \u200b\u200bczyszczenie jest higieniczne, poniewa\u017c myj\u0105cy nie ma bezpo\u015bredniego kontaktu z brudn\u0105 wod\u0105.<\/p>\n<p><strong>Cena<\/strong>: 30 PLN za dob\u0119 lub 50 PLN za weekend.<br \/>\nW cenie wypo\u017cyczenia myjki otrzymujesz:<br \/>\n&#8211; ssawk\u0119 &#8211; szeroka (regulowana 280mm)<br \/>\n&#8211; spryskiwacz + 2 pady z mikrofibry (do wewn\u0105trz i na zewn\u0105trz)<br \/>\n&#8211; wymienny akumulator<br \/>\n&#8211; \u0142adowark\u0119 + bateri\u0119<br \/>\n&#8211; porcj\u0119 profesjonalnego \u015brodka Karcher do czyszczenia powierzchni<\/p>\n<p><img loading=\"lazy\" decoding=\"async\" class=\"alignnone size-medium wp-image-134\" src=\"http:\/\/odkurzacz.selit.pl\/wp-content\/uploads\/2021\/04\/d9aac939ffbcc1834acb0512ce5284f1-300x300.jpg\" alt=\"\" width=\"300\" height=\"300\" srcset=\"https:\/\/odkurzacz.selit.pl\/wp-content\/uploads\/2021\/04\/d9aac939ffbcc1834acb0512ce5284f1-300x300.jpg 300w, https:\/\/odkurzacz.selit.pl\/wp-content\/uploads\/2021\/04\/d9aac939ffbcc1834acb0512ce5284f1-150x150.jpg 150w, https:\/\/odkurzacz.selit.pl\/wp-content\/uploads\/2021\/04\/d9aac939ffbcc1834acb0512ce5284f1.jpg 600w\" sizes=\"auto, (max-width: 300px) 100vw, 300px\" \/><img loading=\"lazy\" decoding=\"async\" class=\"alignnone size-medium wp-image-136\" src=\"http:\/\/odkurzacz.selit.pl\/wp-content\/uploads\/2021\/04\/nt_30_1_tact_te_construction_slot_milling_app_7_CI15502x502-300x300.jpg\" alt=\"\" width=\"300\" height=\"300\" srcset=\"https:\/\/odkurzacz.selit.pl\/wp-content\/uploads\/2021\/04\/nt_30_1_tact_te_construction_slot_milling_app_7_CI15502x502-300x300.jpg 300w, https:\/\/odkurzacz.selit.pl\/wp-content\/uploads\/2021\/04\/nt_30_1_tact_te_construction_slot_milling_app_7_CI15502x502-150x150.jpg 150w, https:\/\/odkurzacz.selit.pl\/wp-content\/uploads\/2021\/04\/nt_30_1_tact_te_construction_slot_milling_app_7_CI15502x502.jpg 502w\" sizes=\"auto, (max-width: 300px) 100vw, 300px\" \/><\/p>\n<p>Oferujemy wypo\u017cyczenie \u0142atwego w obs\u0142udze uniwersalnego odkurzacza przemys\u0142owego Karcher NT 30\/1 Tact<\/p>\n<p>Odkurzacz idealnie nadaje si\u0119 do czyszczenia gara\u017cu, warsztatu, piwnicy czy strychu.<br \/>\nSolidny i wytrzyma\u0142y odkurzacz do u\u017cytku profesjonalnego. Odkurzacz na mokro i sucho do u\u017cytku profesjonalnego wykonany z wytrzyma\u0142ych materia\u0142\u00f3w najwy\u017cszej klasy. Dzi\u0119ki dalszym ulepszeniom systemu oczyszczania filtra TACT, tak\u017ce du\u017ce ilo\u015bci drobnych py\u0142\u00f3w mo\u017cna odkurzy\u0107 bez \u017cadnych przerw. Idealne rozwi\u0105zanie dla wymagaj\u0105cych klient\u00f3w w budownictwie (remonty, budowa domu) czy przemy\u015ble.<\/p>\n<p>Cena: 60 PLN za dob\u0119 lub 100 PLN za weekend. (dodatkowo 20 PLN za wykorzystanie worka)<\/p>\n<p><img loading=\"lazy\" decoding=\"async\" class=\"alignnone size-medium wp-image-135\" src=\"http:\/\/odkurzacz.selit.pl\/wp-content\/uploads\/2021\/04\/NT-30-1-Tact-L-Karcher-samochod-odkurzanie-300x200.jpg\" alt=\"\" width=\"300\" height=\"200\" srcset=\"https:\/\/odkurzacz.selit.pl\/wp-content\/uploads\/2021\/04\/NT-30-1-Tact-L-Karcher-samochod-odkurzanie-300x200.jpg 300w, https:\/\/odkurzacz.selit.pl\/wp-content\/uploads\/2021\/04\/NT-30-1-Tact-L-Karcher-samochod-odkurzanie-1024x683.jpg 1024w, https:\/\/odkurzacz.selit.pl\/wp-content\/uploads\/2021\/04\/NT-30-1-Tact-L-Karcher-samochod-odkurzanie-768x512.jpg 768w, https:\/\/odkurzacz.selit.pl\/wp-content\/uploads\/2021\/04\/NT-30-1-Tact-L-Karcher-samochod-odkurzanie.jpg 1260w\" sizes=\"auto, (max-width: 300px) 100vw, 300px\" \/><\/p>\n<p><img loading=\"lazy\" decoding=\"async\" class=\"size-medium wp-image-133\" src=\"http:\/\/odkurzacz.selit.pl\/wp-content\/uploads\/2021\/04\/d1-300x200.jpg\" alt=\"Odkurzacz przemys\u0142owy\" width=\"300\" height=\"200\" srcset=\"https:\/\/odkurzacz.selit.pl\/wp-content\/uploads\/2021\/04\/d1-300x200.jpg 300w, https:\/\/odkurzacz.selit.pl\/wp-content\/uploads\/2021\/04\/d1-1024x683.jpg 1024w, https:\/\/odkurzacz.selit.pl\/wp-content\/uploads\/2021\/04\/d1-768x512.jpg 768w, https:\/\/odkurzacz.selit.pl\/wp-content\/uploads\/2021\/04\/d1.jpg 1200w\" sizes=\"auto, (max-width: 300px) 100vw, 300px\" \/><\/p>\n<p><strong>\u00a0<\/strong>[\/vc_column_text][vc_column_text]<strong>\u00a0<\/strong>[\/vc_column_text][\/vc_column][\/vc_row]\n","protected":false},"excerpt":{"rendered":"<p>[vc_row full_width=&#8221;stretch_row_content_no_spaces&#8221;][vc_column][\/vc_column][\/vc_row][vc_row][vc_column][vc_column_text] &nbsp; Oferujemy wypo\u017cyczenie \u0142atwego w obs\u0142udze odkurzacza pior\u0105cego Karcher Puzzi 10\/1. Odkurzacz idealnie nadaje si\u0119 do prania dywan\u00f3w, wyk\u0142adzin, tapicerek samochodowych i meblowych oraz ma wiele innych zastosowa\u0144. Dzi\u0119ki wydajnej turbinie ekstraktor pozostawia powierzchnie jedynie wilgotn\u0105. Idealnie nadaj\u0119 si\u0119 dla alergik\u00f3w. Pranie pozostawia delikatny zapach, nie uczula, usuwa zabrudzenia oraz zabija roztocza. Cena:&#8230;<\/p>\n","protected":false},"author":1,"featured_media":0,"parent":0,"menu_order":0,"comment_status":"closed","ping_status":"closed","template":"","meta":{"footnotes":""},"class_list":["post-19","page","type-page","status-publish","hentry"],"yoast_head":"<!-- This site is optimized with the Yoast SEO plugin v25.7 - https:\/\/yoast.com\/wordpress\/plugins\/seo\/ -->\n<title>Wypo\u017cyczalnia sprz\u0119tu czyszcz\u0105cego, ozonowanie<\/title>\n<meta name=\"description\" content=\"Odkurzacze Selit\" \/>\n<meta name=\"robots\" content=\"index, follow, max-snippet:-1, max-image-preview:large, max-video-preview:-1\" \/>\n<link rel=\"canonical\" href=\"https:\/\/odkurzacz.selit.pl\/\" \/>\n<meta property=\"og:locale\" content=\"pl_PL\" \/>\n<meta property=\"og:type\" content=\"article\" \/>\n<meta property=\"og:title\" content=\"Wypo\u017cyczalnia sprz\u0119tu czyszcz\u0105cego, ozonowanie\" \/>\n<meta property=\"og:description\" content=\"Odkurzacze Selit\" \/>\n<meta property=\"og:url\" content=\"https:\/\/odkurzacz.selit.pl\/\" \/>\n<meta property=\"og:site_name\" content=\"Wypo\u017cyczalnia sprz\u0119tu czyszcz\u0105cego, ozonowanie, dezynfekcja.\" \/>\n<meta property=\"article:modified_time\" content=\"2025-08-20T04:55:38+00:00\" \/>\n<meta property=\"og:image\" content=\"https:\/\/odkurzacz.selit.pl\/wp-content\/uploads\/2018\/12\/slide1.jpg\" \/>\n\t<meta property=\"og:image:width\" content=\"2646\" \/>\n\t<meta property=\"og:image:height\" content=\"1103\" \/>\n\t<meta property=\"og:image:type\" content=\"image\/jpeg\" \/>\n<meta name=\"twitter:card\" content=\"summary_large_image\" \/>\n<meta name=\"twitter:label1\" content=\"Szacowany czas czytania\" \/>\n\t<meta name=\"twitter:data1\" content=\"7 minut\" \/>\n<!-- \/ Yoast SEO plugin. -->","yoast_head_json":{"title":"Wypo\u017cyczalnia sprz\u0119tu czyszcz\u0105cego, ozonowanie","description":"Odkurzacze Selit","robots":{"index":"index","follow":"follow","max-snippet":"max-snippet:-1","max-image-preview":"max-image-preview:large","max-video-preview":"max-video-preview:-1"},"canonical":"https:\/\/odkurzacz.selit.pl\/","og_locale":"pl_PL","og_type":"article","og_title":"Wypo\u017cyczalnia sprz\u0119tu czyszcz\u0105cego, ozonowanie","og_description":"Odkurzacze Selit","og_url":"https:\/\/odkurzacz.selit.pl\/","og_site_name":"Wypo\u017cyczalnia sprz\u0119tu czyszcz\u0105cego, ozonowanie, dezynfekcja.","article_modified_time":"2025-08-20T04:55:38+00:00","og_image":[{"width":2646,"height":1103,"url":"https:\/\/odkurzacz.selit.pl\/wp-content\/uploads\/2018\/12\/slide1.jpg","type":"image\/jpeg"}],"twitter_card":"summary_large_image","twitter_misc":{"Szacowany czas czytania":"7 minut"},"schema":{"@context":"https:\/\/schema.org","@graph":[{"@type":"WebPage","@id":"https:\/\/odkurzacz.selit.pl\/","url":"https:\/\/odkurzacz.selit.pl\/","name":"Wypo\u017cyczalnia sprz\u0119tu czyszcz\u0105cego, ozonowanie","isPartOf":{"@id":"https:\/\/odkurzacz.selit.pl\/#website"},"primaryImageOfPage":{"@id":"https:\/\/odkurzacz.selit.pl\/#primaryimage"},"image":{"@id":"https:\/\/odkurzacz.selit.pl\/#primaryimage"},"thumbnailUrl":"http:\/\/odkurzacz.selit.pl\/wp-content\/uploads\/2018\/12\/slide1.jpg","datePublished":"2018-12-01T17:19:17+00:00","dateModified":"2025-08-20T04:55:38+00:00","description":"Odkurzacze Selit","breadcrumb":{"@id":"https:\/\/odkurzacz.selit.pl\/#breadcrumb"},"inLanguage":"pl-PL","potentialAction":[{"@type":"ReadAction","target":["https:\/\/odkurzacz.selit.pl\/"]}]},{"@type":"ImageObject","inLanguage":"pl-PL","@id":"https:\/\/odkurzacz.selit.pl\/#primaryimage","url":"https:\/\/odkurzacz.selit.pl\/wp-content\/uploads\/2018\/12\/slide1.jpg","contentUrl":"https:\/\/odkurzacz.selit.pl\/wp-content\/uploads\/2018\/12\/slide1.jpg","width":2646,"height":1103},{"@type":"BreadcrumbList","@id":"https:\/\/odkurzacz.selit.pl\/#breadcrumb","itemListElement":[{"@type":"ListItem","position":1,"name":"Strona g\u0142\u00f3wna","item":"https:\/\/odkurzacz.selit.pl\/"},{"@type":"ListItem","position":2,"name":"Home"}]},{"@type":"WebSite","@id":"https:\/\/odkurzacz.selit.pl\/#website","url":"https:\/\/odkurzacz.selit.pl\/","name":"Wypo\u017cyczalnia sprz\u0119tu czyszcz\u0105cego, ozonowanie, dezynfekcja.","description":"Szczecin, tel. 691 991 473, biuro@selit.pl","potentialAction":[{"@type":"SearchAction","target":{"@type":"EntryPoint","urlTemplate":"https:\/\/odkurzacz.selit.pl\/?s={search_term_string}"},"query-input":{"@type":"PropertyValueSpecification","valueRequired":true,"valueName":"search_term_string"}}],"inLanguage":"pl-PL"}]}},"_links":{"self":[{"href":"https:\/\/odkurzacz.selit.pl\/index.php\/wp-json\/wp\/v2\/pages\/19","targetHints":{"allow":["GET"]}}],"collection":[{"href":"https:\/\/odkurzacz.selit.pl\/index.php\/wp-json\/wp\/v2\/pages"}],"about":[{"href":"https:\/\/odkurzacz.selit.pl\/index.php\/wp-json\/wp\/v2\/types\/page"}],"author":[{"embeddable":true,"href":"https:\/\/odkurzacz.selit.pl\/index.php\/wp-json\/wp\/v2\/users\/1"}],"replies":[{"embeddable":true,"href":"https:\/\/odkurzacz.selit.pl\/index.php\/wp-json\/wp\/v2\/comments?post=19"}],"version-history":[{"count":34,"href":"https:\/\/odkurzacz.selit.pl\/index.php\/wp-json\/wp\/v2\/pages\/19\/revisions"}],"predecessor-version":[{"id":303,"href":"https:\/\/odkurzacz.selit.pl\/index.php\/wp-json\/wp\/v2\/pages\/19\/revisions\/303"}],"wp:attachment":[{"href":"https:\/\/odkurzacz.selit.pl\/index.php\/wp-json\/wp\/v2\/media?parent=19"}],"curies":[{"name":"wp","href":"https:\/\/api.w.org\/{rel}","templated":true}]}}